{"id":10241,"date":"2024-05-22T17:26:12","date_gmt":"2024-05-22T15:26:12","guid":{"rendered":"https:\/\/recordati.ch\/?page_id=10241"},"modified":"2024-05-22T17:31:03","modified_gmt":"2024-05-22T15:31:03","slug":"at-datenschutz","status":"publish","type":"page","link":"https:\/\/recordati.ch\/de\/at-datenschutz\/","title":{"rendered":"AT-Datenschutz"},"content":{"rendered":"<p>&nbsp;<\/p>\n<p><strong>Stand: April 2024<\/strong><\/p>\n<p>Der Zweck dieser Datenschutzerkl\u00e4rung besteht darin, Sie \u00fcber die Verarbeitung Ihrer personenbezogenen Daten zu informieren. Unsere Datenschutzpraxis steht im Einklang mit den gesetzlichen Regelungen der Datenschutzgrundverordnung der EU (DSGVO).<\/p>\n<p>&nbsp;<\/p>\n<h2><strong>1. Verantwortlicher<\/strong><\/h2>\n<p>F\u00fcr die Datenbearbeitungen nach dieser Datenschutzerkl\u00e4rung ist folgende Gesellschaft die \u00abVerantwortliche\u00bb, d.h. die datenschutzrechtlich in erster Linie zust\u00e4ndige Stelle, soweit im Einzelfall nichts Anderes kommuniziert wird:<\/p>\n<p><strong>Recordati Austria GmbH<\/strong><br \/>\nJulius-Raab-Strasse 26<br \/>\n2203 Grossebersdorf<br \/>\n\u00d6sterreich<br \/>\nEmail:\u00a0<a href=\"info.at@recordati.com\"><u>info.at@recordati.com<\/u><\/a><br \/>\nTel: +43 664 1284879<\/p>\n<p>&nbsp;<\/p>\n<p>Wenn Sie Fragen zum Datenschutz haben, k\u00f6nnen Sie sich jeweils gerne an die obige Adresse wenden.<\/p>\n<p>&nbsp;<\/p>\n<h2><strong>2. Arten der <\/strong><strong>Datenbearbeitung<\/strong><strong> [im Zusammenhang mit unserer Website]<\/strong><\/h2>\n<h3><strong>2.1 Bereitstellung der Website <\/strong><\/h3>\n<p><strong>Welche personenbezogenen Daten werden erhoben und verarbeitet?<\/strong><\/p>\n<p>Bei jedem Aufruf unserer Internetseite erfasst unser System automatisiert Daten und Informationen des jeweils abrufenden Ger\u00e4tes (z.B. Computer, Mobiltelefon, Tablet, etc.). Dabei handelt es sich insbesondere um die folgenden Daten:<\/p>\n<ul>\n<li>Informationen \u00fcber den Browsertyp und die verwendete Version;<\/li>\n<li>Das Betriebssystem des Abrufger\u00e4tes;<\/li>\n<li>Hostname des zugreifenden Rechners;<\/li>\n<li>Die IP-Adresse des Abrufger\u00e4tes;<\/li>\n<li>Datum und Uhrzeit des Zugriffs;<\/li>\n<li>Websites und Ressourcen (Bilder, Dateien, weitere Seiteninhalte), die auf unserer Internetseite aufgerufen wurden;<\/li>\n<li>Websites, von denen das System des Nutzers auf unsere Internetseite gelangte (Referrer-Tracking);<\/li>\n<li>Meldung, ob der Abruf erfolgreich war;<\/li>\n<li>\u00dcbertragene Datenmenge<\/li>\n<\/ul>\n<p>Diese Daten nennen wir nachfolgend <strong>technische Daten<\/strong>. Sie werden in den Logfiles unseres Systems gespeichert. Eine Speicherung dieser Daten zusammen mit personenbezogenen Daten eines konkreten Nutzers findet nicht statt, so dass eine Identifizierung einzelner Seitenbesucher nicht erfolgt.<\/p>\n<p><strong>\u00a0<\/strong><\/p>\n<p><strong>Rechtsgrundlage f\u00fcr die Verarbeitung personenbezogener Daten<\/strong><\/p>\n<p>Wir st\u00fctzen unsere Datenbearbeitung auf unser berechtigtes Interesse (Art. 6 Abs. 1 lit. f DSGVO). Unser berechtigtes Interesse besteht darin, die Erreichung des nachfolgend geschilderten Zwecks zu gew\u00e4hrleisten.<\/p>\n<p><strong>\u00a0<\/strong><\/p>\n<p><strong>Zweck der Datenverarbeitung<\/strong><\/p>\n<p>Die vor\u00fcbergehende Speicherung der technischen Daten ist f\u00fcr den Ablauf eines Websitebesuchs erforderlich, um die Website korrekt anzuzeigen. Die Speicherung und Verarbeitung der personenbezogenen Daten erfolgt zudem zur Erhaltung der Kompatibilit\u00e4t unserer Internetseite f\u00fcr m\u00f6glichst alle Besucher und zur Missbrauchsbek\u00e4mpfung und St\u00f6rungsbeseitigung. Hierf\u00fcr ist es notwendig, die technischen Daten des abrufenden Rechners zu loggen, um so fr\u00fchestm\u00f6glich auf Darstellungsfehler, Angriffe auf unsere IT-Systeme und\/oder Fehler der Funktionalit\u00e4t unserer Internetseite reagieren zu k\u00f6nnen. Zudem dienen uns die Daten zur Optimierung der Website und zur generellen Sicherstellung der Sicherheit unserer informationstechnischen Systeme.<\/p>\n<p>&nbsp;<\/p>\n<p><strong>Dauer der Speicherung<\/strong><\/p>\n<p>Die L\u00f6schung der vorgenannten technischen Daten erfolgt, sobald sie nicht mehr ben\u00f6tigt werden, um die Kompatibilit\u00e4t der Internetseite f\u00fcr alle Besucher zu gew\u00e4hrleisten, sp\u00e4testens aber 3 Monate nach Abruf unserer Internetseite.<\/p>\n<p>&nbsp;<\/p>\n<p><strong>Erforderlichkeit der Angabe personenbezogener Daten<\/strong><\/p>\n<p>Die Bereitstellung der oben genannten Daten ist nicht gesetzlich oder vertraglich vorgeschrieben. M\u00f6chten Sie nicht, dass diese technischen Daten verarbeitet werden, k\u00f6nnen Sie nicht auf unsere Website zugreifen.<\/p>\n<p>&nbsp;<\/p>\n<h3><strong>2.2 [DocCheck] Zugang<\/strong><\/h3>\n<p>Um auf bestimmte Inhalte unserer Website zugreifen zu k\u00f6nnen, m\u00fcssen Sie \u00fcber eine entsprechende Berechtigung verf\u00fcgen. Sie k\u00f6nnen uns Ihre Berechtigung nachweisen, indem Sie sich bei [DocCheck] einloggen. Nach Ihrem Login auf der [DocCheck]-Website erhalten wir die Information, dass Sie berechtigt sind, Zugang zu den gesch\u00fctzten Inhalten zu bekommen. Ihre Login-Daten bearbeiten wir aber nicht, diese Bearbeitung erfolgt \u00fcber [DocCheck] in eigener Verantwortlichkeit. Weitergehende Informationen finden Sie auf der Website der [DockCheck Community GmbH] unter: [<a href=\"https:\/\/more.doccheck.com\/de\/privacy\/\" target=\"_blank\" rel=\"noopener\">https:\/\/more.doccheck.com\/de\/privacy\/<\/a>]<\/p>\n<p>&nbsp;<\/p>\n<h3><strong>2.3 Kontaktformular und Kommunikation<\/strong><\/h3>\n<p>Wir bearbeiten auch Daten, wenn wir mit Ihnen in Kontakt stehen, weil Sie beispielsweise unser Kontaktformular verwenden oder uns eine E-Mail-Anfrage gesendet haben. Dar\u00fcber hinaus k\u00f6nnen wir auch zu Marketingzwecken mit Ihnen Kontakt aufnehmen. Informationen zu unserem Newsletter finden sie unten in Ziffer 2.4.<\/p>\n<p>&nbsp;<\/p>\n<p><strong>Welche personenbezogenen Daten werden erhoben und verarbeitet?<\/strong><\/p>\n<p>F\u00fcr die Kommunikation mit Ihnen bearbeiten wir die von Ihnen in unsere Kontaktformulare eingegebenen Daten oder die Daten, die Sie uns bei Ihrer Anfrage z.B. per E-Mail mitteilen.<\/p>\n<p>Wenn Sie unser Kontaktformular verwenden, bearbeiten wir au\u00dferdem die folgenden Informationen (nachfolgend \u201e<strong>Friendly Captcha \u2013 Informationen\u201c<\/strong>):<\/p>\n<ul>\n<li>Information \u00fcber Ihren verwendeten Browser und das Betriebssystem;<\/li>\n<li>Herkunft und Referrer-ID;<\/li>\n<li>Zeitstempel;<\/li>\n<li>Kryptografisches R\u00e4tsel und Ihre L\u00f6sung;<\/li>\n<li>Pseudonymisierte IP-Adresse<\/li>\n<\/ul>\n<p>&nbsp;<\/p>\n<p><strong>Rechtsgrundlage f\u00fcr die Verarbeitung personenbezogener Daten<\/strong><\/p>\n<p>Wir st\u00fctzen unsere Datenverarbeitung auf Ihre Einwilligung gem\u00e4\u00df Art. 6 Abs. 1 lit. a DSGVO sowie auf Art. 6 Abs. 1 lit. b DSGVO, wenn die Verarbeitung zur Durchf\u00fchrung vorvertraglicher Ma\u00dfnahmen erforderlich ist und auf Ihrer Anfrage basiert.<\/p>\n<p><strong>\u00a0<\/strong><\/p>\n<p><strong>Zweck der Datenverarbeitung<\/strong><\/p>\n<p>Die von Ihnen \u00fcber unser Kontaktformular oder per E-Mail \u00fcbermittelten Daten werden wir nur f\u00fcr die Bearbeitung der konkreten Kontaktanfrage verwenden. Wir k\u00f6nnen Ihnen auf Ihre Kontaktanfrage eine Best\u00e4tigung per E-Mail senden, dass Ihre Anfrage an uns korrekt weitergeleitet wurde. Der Versand dieser Best\u00e4tigungs-E-Mail ist jedoch f\u00fcr uns nicht verpflichtend und dient nur Ihrer Information.<\/p>\n<p>Dar\u00fcber hinaus verwenden wir im Zusammenhang mit unserem Kontaktformular den Dienst Friendly Captcha (der Friendly Captcha GmbH, Am Anger 3-5, 82237 Woerthsee), um legitime Kontaktanfragen von Menschen von automatisierten und missbr\u00e4uchlichen Anfragen von Computerprogrammen zu unterscheiden. Dabei werden die Friendly Captcha-Informationen an den Server von Friendly Captcha weitergeleitet, der an uns zur\u00fcckmeldet, ob die L\u00f6sung des R\u00e4tsels mit hoher Wahrscheinlichkeit von einem Menschen oder einem Computerprogramm stammt.<\/p>\n<p>&nbsp;<\/p>\n<p><strong>Dauer der Speicherung<\/strong><br \/>\nNach Bearbeitung Ihrer Anfrage werden die erhobenen Daten unverz\u00fcglich gel\u00f6scht, soweit keine gesetzlichen Aufbewahrungsfristen bestehen.<\/p>\n<p><strong>\u00a0<\/strong><\/p>\n<p><strong>Erforderlichkeit der Angabe personenbezogener Daten<\/strong><\/p>\n<p>Sie sind weder vertraglich noch gesetzlich dazu verpflichtet, mit uns Kontakt aufzunehmen. Sofern Sie unser Kontaktformular nutzen m\u00f6chten, m\u00fcssen Sie die als Pflichtangaben gekennzeichneten Felder ausf\u00fcllen. Sofern Sie die notwendigen Angaben des Kontaktformulars nicht ausf\u00fcllen, k\u00f6nnen Sie entweder die Anfrage nicht absenden oder wir k\u00f6nnen\u00a0Ihre Anfrage leider nicht bearbeiten.<\/p>\n<p>&nbsp;<\/p>\n<h3><strong>2.4 Newsletter<\/strong><\/h3>\n<p>Auf unserer Website besteht die M\u00f6glichkeit, kostenfrei einen Newsletter zu abonnieren.<\/p>\n<p>&nbsp;<\/p>\n<p><strong>Welche personenbezogenen Daten werden erhoben und verarbeitet?<\/strong><\/p>\n<p>Dabei werden bei der Anmeldung zum Newsletter die Daten aus der Eingabemaske an uns \u00fcbermittelt, also mindestens Ihre E-Mailadresse. Au\u00dferdem erfassen und verarbeiten wir im Zusammenhang mit dem Newsletter, ob der Newsletter durch Sie aufgerufen wurde und welche verlinkten Inhalte Sie sich angesehen haben.<\/p>\n<p>&nbsp;<\/p>\n<p><strong>Rechtsgrundlage f\u00fcr die Verarbeitung personenbezogener Daten<\/strong><\/p>\n<p>F\u00fcr die Personalisierung und den Versand des Newsletters holen wir Ihre Einwilligung ein (Art. 6 Abs. 1 lit. a DSGVO).<\/p>\n<p>&nbsp;<\/p>\n<p><strong>Zweck und Umfang der Datenbearbeitung<\/strong><\/p>\n<p>Wir nutzen Ihre Daten f\u00fcr die Personalisierung und den Versand des Newsletters, um Ihnen interessante Angebote und Informationen zur Verf\u00fcgung zu stellen.<\/p>\n<p><strong>\u00a0<\/strong><\/p>\n<p><strong>Dauer der Speicherung <\/strong><\/p>\n<p>Wir speichern Ihre Daten im Zusammenhang mit dem Newsletter so lange, wie Sie den Newsletter beziehen. M\u00f6chten Sie den Newsletter nicht mehr erhalten, k\u00f6nnen Sie sich jederzeit \u00fcber einen Link im Newsletter oder \u00fcber ein Nachricht an uns (siehe oben Ziffer 1) abmelden. Wenn Sie sich abgemeldet haben, l\u00f6schen wir Ihre Daten unverz\u00fcglich, soweit keine gesetzlichen Aufbewahrungsfristen bestehen.<\/p>\n<p>&nbsp;<\/p>\n<p><strong>Erforderlichkeit der Angabe personenbezogener Daten<\/strong><\/p>\n<p>Sie sind weder vertraglich noch gesetzlich dazu verpflichtet den Newsletter zu abonnieren. M\u00f6chten Sie nicht, dass die oben dargestellte Datenverarbeitung erfolgt, haben Sie die M\u00f6glichkeiten, sich nicht f\u00fcr den Newsletter anzumelden bzw. sich von dem Newsletter abzumelden.<\/p>\n<p>&nbsp;<\/p>\n<h3><strong>2.5 Optimierung und Funktionalit\u00e4t der Website, statistische Auswertung[, Online-Tracking<\/strong><strong>]<\/strong><\/h3>\n<p><strong>Welche personenbezogenen Daten werden erhoben und verarbeitet?<\/strong><\/p>\n<p>F\u00fcr die volle Funktionsf\u00e4higkeit unserer Website und zur stetigen Verbesserung unseres Internetangebots und unserer Produkte erheben und bearbeiten wir die folgenden technischen Daten in nicht personalisierter Form:<\/p>\n<ul>\n<li>IP-Adresse;<\/li>\n<li>Website, von der aus die Datei abgerufen wurde;<\/li>\n<li>Name der Datei und Informationen \u00fcber die aufgerufenen Inhalte;<\/li>\n<li>Datum und Uhrzeit des Abrufs;<\/li>\n<li>Website-URL;<\/li>\n<li>Zugelassene Cookies;<\/li>\n<li>\u00fcbertragene Datenmenge und Meldung \u00fcber den Erfolg des Abrufs (sog. Web-Log)<\/li>\n<\/ul>\n<p>&nbsp;<\/p>\n<p>Diese Daten verarbeiten wir auch mittels Cookies und \u00e4hnliche Technologien. Cookies sind Dateien, die Ihr Browser automatisch auf Ihrem Endger\u00e4t speichert. Dadurch k\u00f6nnen wir einzelne Besucher unterscheiden, in der Regel aber ohne sie zu identifizieren. Cookies k\u00f6nnen auch Informationen \u00fcber aufgerufene Seiten und die Dauer des Besuchs enthalten. Bestimmte Cookies (\u201eSession-Cookies\u201c) werden beim Schlie\u00dfen des Browsers gel\u00f6scht. Andere (\u201edauerhafte Cookies\u201c) bleiben f\u00fcr eine bestimmte Dauer gespeichert, damit wir Besucher bei einem sp\u00e4teren Besuch wiedererkennen k\u00f6nnen.<\/p>\n<p>&nbsp;<\/p>\n<p><strong>Rechtsgrundlage f\u00fcr die Verarbeitung personenbezogener Daten<\/strong><\/p>\n<p>Wir st\u00fctzen unsere Datenverarbeitung, insbesondere im Zusammenhang mit Cookies, auf Ihre Einwilligung gem\u00e4\u00df Art. 6 Abs. 1 lit. a DSGVO, soweit wie die Datenverarbeitung nicht gem\u00e4\u00df Art. 6 Abs. 1 lit. f DSGVO mit unseren berechtigten Interessen an der Funktionalit\u00e4t und Verbesserung unserer Website und unserer Produkte rechtfertigten k\u00f6nnen.<\/p>\n<p><strong>\u00a0<\/strong><\/p>\n<p><strong>Zweck der Datenbearbeitung<\/strong><\/p>\n<p>Bei dem Einsatz der Cookies und Auswertung Ihrer oben beschriebenen Daten geht es im Kern darum, dass wir die Zugriffe von Ihnen (\u00fcber Ihr System) von Zugriffen anderer Benutzer unterscheiden k\u00f6nnen, damit wir die volle Funktionalit\u00e4t der Website sicherstellen und statistische Auswertungen vornehmen k\u00f6nnen. Wir wollen dabei nicht auf Ihre Identit\u00e4t schlie\u00dfen. Die eingesetzten Techniken sind so ausgestaltet, dass Sie bei jedem Seitenaufruf als individueller Besucher erkannt werden, etwa indem unser Server (oder die Server der Dritten) Ihnen bzw. Ihrem Browser eine bestimmte Erkennungsnummer zuweist. Cookies k\u00f6nnen zudem von Drittunternehmen stammen, die uns bestimmte Funktionen bereitstellen.<\/p>\n<p>&nbsp;<\/p>\n<p>Wir und unsere Drittanbieter nutzen Cookies insbesondere f\u00fcr die folgenden Zwecke:<\/p>\n<ul>\n<li>Speichern von Einstellungen zwischen Ihren Besuchen;<\/li>\n<li>Feststellung, ob und wie wir unsere Website verbessern k\u00f6nnen;<\/li>\n<li>Erhebung statistischer Daten zur Anzahl der Benutzer und ihrer Nutzungsgewohnheiten sowie zur Verbesserung der Geschwindigkeit und Leistung der Website;<\/li>\n<li>Bereitstellung der vollen Funktionsf\u00e4higkeit unserer Website;<\/li>\n<li>Verbesserung der Benutzerfreundlichkeit<\/li>\n<\/ul>\n<p>&nbsp;<\/p>\n<p><strong>Ablehnung von Cookies<\/strong><\/p>\n<p>Sie haben beim Aufruf unserer Website die M\u00f6glichkeit, bestimmte Kategorien von Cookies zu aktivieren oder zu deaktivieren und k\u00f6nnen diese Einstellungen auch im Nachhinein unter diesem Link https:\/\/www.reagila-psych.at\/manage-cookies\/ bearbeiten. Sie k\u00f6nnen Ihren Browser in den Einstellungen so konfigurieren, dass er bestimmte Cookies oder \u00e4hnliche Technologien blockiert oder bestehende Cookies und andere im Browser gespeicherte Daten l\u00f6scht. Sie k\u00f6nnen Ihren Browser auch mit Software (sog. \u201ePlug-Ins\u201c) erweitern, die ein Tracking durch bestimmte Dritte sperrt. Mehr dazu finden Sie in den Hilfeseiten Ihres Browsers (meist unter dem Stichwort \u201eDatenschutz\u201c). Bitte beachten Sie, dass unsere Website allenfalls nicht mehr in vollem Umfang funktioniert, wenn Sie Cookies und \u00e4hnliche Technologien blockieren.<\/p>\n<p><strong>\u00a0<\/strong><\/p>\n<p><strong>Bearbeitung durch externe Anbieter<\/strong><\/p>\n<p>Cookies k\u00f6nnen auch von Drittunternehmen stammen, die uns bestimmte Funktionen bereitstellen und die Daten in unserem Auftrag zu den oben dargestellten Zwecken bearbeiten. Wir haben dazu entsprechende Auftragsverarbeitungsvertr\u00e4ge mit diesen Drittanbietern geschlossen. Zum Beispiel setzen wir Analysedienste ein, damit wir unsere Website optimieren k\u00f6nnen. Die entsprechenden Drittanbieter k\u00f6nnen daf\u00fcr die Nutzung der Website aufzeichnen und ihre Aufzeichnungen mit weiteren Informationen aus anderen Websites verbinden. So k\u00f6nnen sie Verhalten der Nutzer \u00fcber mehrere Websites und Endger\u00e4te hinweg aufzeichnen, um uns auf dieser Basis statistische Auswertungen zur Verf\u00fcgung zu stellen. Diese Angaben k\u00f6nnen die Anbieter auch f\u00fcr eigene Zwecke verwenden, z.B. f\u00fcr personalisierte Werbung auf der eigenen Website oder anderen Websites. Falls ein Nutzer beim Anbieter registriert ist, kann dieser die Nutzungsdaten der betreffenden Person zuordnen. Zu den externen Dienstleister finden Sie nachstehend weitere Angaben.<\/p>\n<p><strong>\u00a0<\/strong><\/p>\n<p><strong>Dauer der Speicherung<\/strong><\/p>\n<p>Wir uns unsere beauftragten Drittanbieter speichern die relevanten Daten solange, wie es f\u00fcr die oben dargestellten Dienste notwendig ist. Soweit ein Personenbezug bestehen sollte, werden die Daten unverz\u00fcglich gel\u00f6scht, soweit diese keinen gesetzlichen Aufbewahrungspflichten unterfallen. In jedem Fall erfolgt die L\u00f6schung nach Ablauf der Aufbewahrungspflicht. Sollten die externen Anbieter die Daten zus\u00e4tzlich in eigener Verantwortung bearbeitet, sehen Sie bitte die Aufbewahrungsdauern in deren jeweiligen Datenschutzerkl\u00e4rungen.<\/p>\n<p><strong>\u00a0<\/strong><\/p>\n<p><strong>Drittanbieter<\/strong><\/p>\n<p><strong>Google<\/strong><\/p>\n<p>Auf unserer Seite verwenden wir verschiedene Service von Google LLC (1600 Amphitheatre Parkway, Mountain View, CA, USA) und Google Ireland Limited (Gordon House, Barrow Street, Dublin 4, Irland) (nachfolgend zusammen: Google). Dabei nutzt Google Cookies und \u00e4hnliche Technologien, um die nachfolgend dargestellten Dienste zu erbringen und bestimmte Informationen \u00fcber das Verhalten einzelner Nutzer auf bzw. in der betreffenden Website und das dazu verwendete Endger\u00e4t (Tablet, PC, Smartphone etc.) zu erfassen. Google kann diese Informationen auch zu eigenen Zwecken verwenden. Sie k\u00f6nnen die Erfassung der durch den Google-Cookie erzeugten und auf Ihre Nutzung der Website bezogenen Daten (inkl. Ihrer IP-Adresse) an Google sowie die Verarbeitung dieser Daten durch Google verhindern, indem Sie das unter dem folgenden Link (<a href=\"https:\/\/www.reagila-psych.ch\/privacy-policy\/\" target=\"_blank\" rel=\"noopener\">http:\/\/tools.google.com\/dlpage\/gaoptout?hl=de<\/a>) verf\u00fcgbare Browser-Plug-In herunterladen und installieren. Die Sicherheits- und Datenschutzgrunds\u00e4tze von Google bei der Bearbeitung der Daten finden Sie unter\u00a0<a href=\"https:\/\/www.reagila-psych.ch\/privacy-policy\/\" target=\"_blank\" rel=\"noopener\">https:\/\/policies.google.com\/privacy?hl=de<\/a><\/p>\n<p>&nbsp;<\/p>\n<p><strong>Google-Analytics<\/strong><\/p>\n<p>Im Zusammenhang mit dem Dienst Google-Analytics speichern wir auf Ihrem Computer Cookies, um eine Analyse der Benutzung unserer Website und Ihres Surfverhaltens erm\u00f6glichen (sogenanntes Tracken). Im Rahmen der Benutzung unserer Website werden dabei Daten, wie insbesondere Ihre IP-Adresse und Ihre Nutzeraktivit\u00e4ten an Server von Google Ireland Limited \u00fcbertragen. Wir f\u00fchren diese Analyse durch, um unser Internetangebot st\u00e4ndig zu optimieren und besser verf\u00fcgbar zu machen. Ebenso ben\u00f6tigen wir das Webtracking aus Sicherheitsgr\u00fcnden. Durch das Webtracking k\u00f6nnen wir nachverfolgen, ob Dritte unsere Website angreifen und die durch uns verarbeiteten personenbezogenen Daten vor diesen Cyberangriffen sch\u00fctzen.<\/p>\n<p>Google kann bestimmte erhobene Daten aber auch f\u00fcr eigene Zwecke verwenden. Wir haben Google Analytics so konfiguriert, dass IP-Adressen der Besucher vor der Weiterleitung in die USA anonymisiert werden.<\/p>\n<p>&nbsp;<\/p>\n<p><strong>YouTube<\/strong><\/p>\n<p>Um Ihnen das Abrufen von Videoinhalten auf unserer Seite zu erm\u00f6glichen, binden wir Videos der Plattform YouTube ein. \u00dcber die Einbettung k\u00f6nnen Sie die bei YouTube gehosteten Videos direkt auf unserer Seite ansehen. Mit der Einbettung von Videos von YouTube werden Ihre personenbezogenen Daten (IP-Adresse, besuchte Website und weitere ger\u00e4te-spezifische Informationen) an Google \u00fcbermittelt, wenn Sie einen Inhalt eines YouTube-Videos abrufen. Sofern Sie bei Anklicken eines Videos gleichzeitig in einem pers\u00f6nlichen Google-Konto angemeldet sind, kann Google diese Daten direkt mit Ihrer Person verkn\u00fcpfen. Dabei kann es zu einer \u00dcbermittlung von Informationen an Google Inc. mit Sitz in den USA sowie an andere Google-Unternehmen kommen. In dem Fall sind die vorgenannten Unternehmen f\u00fcr die Verarbeitung dieser Daten selbst verantwortlich.<\/p>\n<p><strong>\u00a0<\/strong><\/p>\n<p><strong>MyFonts Web Fonts<\/strong><\/p>\n<p>Wir nutzen MyFonts Counter, ein Webanalysedienst der MyFonts Inc. (500 Unicorn Park Drive, Woburn, MA 01801, USA), um Schriftarten auf unserer Website nachzuladen und Ihnen unsere Website in einer optisch ansprechenden Version anzeigen zu k\u00f6nnen. MyFonts f\u00fchrt in eigener Verantwortlichkeit au\u00dferdem ein Page-View-Tracking durch, indem die Anzahl der Besuche der Website zu statistischen Zwecken gez\u00e4hlt und an MyFonts \u00fcbermittelt werden. Rechtsgrundlage f\u00fcr die \u00dcbermittlung der personenbezogenen Daten stellt Ihre Einwilligung gem. Art. 6 Abs. 1 lit. a DSGVO bzw. Art. 9 Abs. 2 lit. a DSGVO dar, die Sie auf unserer Internetseite get\u00e4tigt haben. Ihre Einwilligung k\u00f6nnen Sie jederzeit widerrufen.<\/p>\n<p>Weitere Informationen dazu wie MyFonts die Daten bearbeitet, finden Sie in ihrer Datenschutzerkl\u00e4rung unter\u00a0<a href=\"https:\/\/www.myfonts.com\/legal\/website-use-privacy-policy\" target=\"_blank\" rel=\"noopener\">https:\/\/www.myfonts.com\/legal\/website-use-privacy-policy<\/a><\/p>\n<p>&nbsp;<\/p>\n<p><strong>Vimeo<\/strong><\/p>\n<p>Wir verwenden auf unserer Seite den Dienst Vimeo des Unternehmens Vimeo, Inc. (555 West 18th Street, 10011 New York, Vereinigte Staaten). \u00dcber den Dienst Vimeo werden auf unserer Seite Videos der Plattform Vimeo eingebunden. Dabei werden die f\u00fcr das Abspielen der Videos essentielle Cookies gesetzt. Sofern Sie mit einem pers\u00f6nlichen Vimeo-Konto bei Vimeo angemeldet sind, kann Vimeo eigene Cookies setzen und direkt mit Ihrer Person verkn\u00fcpfen.<\/p>\n<p>Rechtsgrundlage f\u00fcr die \u00dcbermittlung der personenbezogenen Daten stellt Ihre Einwilligung gem. Art. 6 Abs. 1 lit. a DSGVO bzw. Art. 9 Abs. 2 lit. a DSGVO dar, die Sie auf unserer Internetseite get\u00e4tigt haben.<\/p>\n<p>Vimeo bietet eine zus\u00e4tzliche Opt-Out M\u00f6glichkeit f\u00fcr das Setzen ihrer Cookies an. Informationen dazu finden Sie unter <a href=\"https:\/\/help.vimeo.com\/hc\/en-us\/articles\/12426260232977-Player-parameters-overview\" target=\"_blank\" rel=\"noopener\">https:\/\/help.vimeo.com\/hc\/en-us\/articles\/12426260232977-Player-parameters-overview<\/a>. Weitere Informationen dazu, wie Vimeo die Daten in eigener Verantwortlichkeit bearbeitet, finden Sie in der Datenschutzerkl\u00e4rung des Anbieters unter <a href=\"https:\/\/vimeo.com\/privacy\" target=\"_blank\" rel=\"noopener\">https:\/\/vimeo.com\/privacy<\/a>.<\/p>\n<p><strong>\u00a0<\/strong><\/p>\n<p><strong>cookiebot.com<\/strong><\/p>\n<p>Wir verwenden auf unserer Seite den Dienst cookiebot.com des Unternehmens Cybot A\/S (Havnegade 39, 1058 Kopenhagen, D\u00e4nemark). Cybot erstellt f\u00fcr unsere Website einen Cookie-Banner mit entsprechender Cookie-Erkl\u00e4rung. Dazu verarbeitet sie neben Ihrer IP-Adresse insbesondere die von Ihnen zugelassenen Cookies. Rechtsgrundlage f\u00fcr die \u00dcbermittlung und Verarbeitung der Daten an cookiebot stellt Art. 6 Abs. 1 lit. c DSGVO dar. Der Einsatz des Dienstes unterst\u00fctzt uns dabei unseren rechtlichen Verpflichtungen zur Information \u00fcber Cookies und das f\u00fcr Cookies notwendige Einwilligungsmanagement nachzukommen.<\/p>\n<p><strong>\u00a0<\/strong><\/p>\n<p><strong>Font Awesome<\/strong><br \/>\nWir verwenden auf unserer Seite den Dienst Font Awesome des Unternehmens Fonticons (6 Porter Road, Apartment 3R, MA 02140 Cambridge, Vereinigte Staaten). \u00dcber den Dienst Font Awesome werden Schriftarten auf unserer Seite nachgeladen, um Ihnen die Seite in einer optisch besseren Version anzeigen zu k\u00f6nnen. Rechtsgrundlage f\u00fcr die \u00dcbermittlung von personenbezogenen Daten stellt Ihre Einwilligung gem. Art. 6 Abs. 1 lit. a DSGVO bzw. Art. 9 Abs. 2 lit. a DSGVO dar, die Sie auf unserer Internetseite get\u00e4tigt haben.<\/p>\n<p>&nbsp;<\/p>\n<h3><strong>2.6 Cookie-Details<\/strong><\/h3>\n<p>Die nachfolgend aufgelisteten Cookies werden in Ihrem Browser gespeichert, bis sie gel\u00f6scht werden oder, im Falle eines Session-Cookies, bis die Sitzung abgelaufen ist. Details sind in der folgenden Tabelle aufgef\u00fchrt:<br \/>\n<strong>[Cookie-Name:<\/strong>\u00a0_gid<br \/>\n<strong>Server:<\/strong>\u00a0reagila-psych.at<br \/>\n<strong>Anbieter:<\/strong>\u00a0<a href=\"https:\/\/www.reagila-psych.ch\/privacy-policy\/\" target=\"_blank\" rel=\"noopener\">Google-Analytics<\/a><br \/>\n<strong>Zweck:<\/strong>\u00a0Dieser Cookie ordnet einem User eine ID zu, damit der Webtracker die Aktionen des Nutzers unter diese ID zusammenfassen kann.<br \/>\n<strong>Rechtsgrundlage:<\/strong>\u00a0Einwilligung<br \/>\n<strong>Speicherdauer:<\/strong>\u00a0ca. 24 Stunden<br \/>\n<strong>Typ:<\/strong>\u00a0Analytics<\/p>\n<p><strong>Cookie-Name:\u00a0<\/strong>_ga<br \/>\n<strong>Server:<\/strong>\u00a0reagila-psych.at<br \/>\n<strong>Anbieter:<\/strong>\u00a0<a href=\"https:\/\/www.reagila-psych.ch\/privacy-policy\/\" target=\"_blank\" rel=\"noopener\">Google-Analytics<\/a><br \/>\n<strong>Zweck:<\/strong>\u00a0Dieser Cookie ordnet einem User eine ID zu, damit der Webtracker die Aktionen des Nutzers unter diese ID zusammenfassen kann.<br \/>\n<strong>Rechtsgrundlage:<\/strong>\u00a0Einwilligung<br \/>\n<strong>Speicherdauer:<\/strong>\u00a0ca. 24 Stunden<br \/>\n<strong>Typ:<\/strong>\u00a0Analytics<\/p>\n<p><strong>Cookie-Name:\u00a0<\/strong><em>gat_gtag_UA*<\/em><br \/>\n<strong>Server:<\/strong>\u00a0reagila-psych.at<br \/>\n<strong>Anbieter:<\/strong>\u00a0<a href=\"https:\/\/www.reagila-psych.ch\/privacy-policy\/\" target=\"_blank\" rel=\"noopener\">Google-Analytics<\/a><br \/>\n<strong>Zweck:<\/strong>\u00a0Dieser Cookie ordnet einem User eine ID zu und ordnet die Aktionen des Nutzers unter diese ID in Verbindung mit Google Tag Manager.<br \/>\n<strong>Rechtsgrundlage:<\/strong>\u00a0Einwilligung<br \/>\n<strong>Speicherdauer:<\/strong>\u00a0ca. 80 Sekunden<br \/>\n<strong>Typ:<\/strong>\u00a0Analytics<\/p>\n<p><strong>Cookie-Name:\u00a0<\/strong>CookieConsent<br \/>\n<strong>Server:<\/strong>\u00a0reagila-psych.at<br \/>\n<strong>Anbieter:<\/strong>\u00a0<a href=\"https:\/\/www.reagila-psych.ch\/privacy-policy\/\" target=\"_blank\" rel=\"noopener\">Webseitenbetreiber<\/a><br \/>\n<strong>Zweck:<\/strong>\u00a0Cookie, der die Entscheidung des Nutzers \u00fcber das Cookie-Banner speichert.<br \/>\n<strong>Rechtsgrundlage:<\/strong>\u00a0Berechtigtes Interesse<br \/>\n<strong>Speicherdauer:<\/strong>\u00a0ca. 38 Jahre<br \/>\n<strong>Typ:<\/strong>\u00a0Cookie-Banner]<\/p>\n<p>&nbsp;<\/p>\n<h2><strong>3. Wie geben wir Daten bekannt?<\/strong><\/h2>\n<p>Neben den unter Ziffer 2.3, 2.5 und 2.6 genannten Datenempf\u00e4ngern k\u00f6nnen wir Ihre personenbezogenen Daten im Rahmen unserer T\u00e4tigkeit an verschiedene weitere Stellen bekanntgeben. Dazu geh\u00f6ren insbesondere folgende Empf\u00e4nger:<\/p>\n<ul>\n<li>\u00c4mter, Beh\u00f6rden und Gerichte im Rahmen unserer gesetzlichen Pflichten und im Zusammenhang mit Verfahren, in denen wir Partei oder Drittbetroffene sind;<\/li>\n<li>Dritte bspw. im Zusammenhang mit dem Erwerb oder Verkauf von Verm\u00f6genswerten durch uns;<\/li>\n<li>Weitere Dienstleister, besonders Anbieter von IT-Dienstleistungen (Beispiele sind Anbieter von Hosting- oder Datenanalyseleistungen), von Administration und Beratungsleistungen. Dabei k\u00f6nnen diese Dienstleister im erforderlichen Umfang jeweils auch personenbezogene Daten bearbeiten.<\/li>\n<\/ul>\n<p>Die Empf\u00e4nger von Daten befinden sich nicht nur innerhalb von \u00d6sterreich. Das betrifft besonders bestimmte Online-Dienstleister (siehe oben Ziff. 2.5). Diese und ihre Unterauftragnehmer haben Standorte sowohl innerhalb der EU bzw. des EWR (z.B. Irland oder D\u00e4nemark, aber auch in anderen L\u00e4ndern weltweit, z.B. Schweiz oder USA). Wir k\u00f6nnen auch Beh\u00f6rden und anderen Personen im Ausland Daten \u00fcbermitteln, wenn wir rechtlich dazu verpflichtet sind oder z.B. im Rahmen eines Unternehmensverkaufs oder eines Gerichtsverfahrens. Nicht alle dieser Staaten verf\u00fcgen \u00fcber einen angemessenen Datenschutz. Wir gleichen den niedrigeren Schutz durch entsprechende Vertr\u00e4ge aus, besonders die sog. Standardvertragsklauseln der Europ\u00e4ischen Kommission, die <a href=\"https:\/\/eur-lex.europa.eu\/legal-content\/DE\/TXT\/HTML\/?uri=CELEX:32021D0914\" target=\"_blank\" rel=\"noopener\">hier<\/a> abrufbar sind. In bestimmten F\u00e4llen k\u00f6nnen wir Daten im Einklang mit datenschutzrechtlichen Vorgaben auch ohne solche Vertr\u00e4ge \u00fcbermitteln, z.B. wenn Sie in die entsprechende Bekanntgabe eingewilligt haben oder wenn die Bekanntgabe f\u00fcr die Vertragsabwicklung, f\u00fcr die Feststellung, Aus\u00fcbung oder Durchsetzung von Rechtsanspr\u00fcchen oder f\u00fcr \u00fcberwiegende \u00f6ffentlichen Interessen erforderlich ist.<\/p>\n<p>&nbsp;<\/p>\n<h2><strong>4. Schutz der Daten<\/strong><\/h2>\n<p>Wir treffen angemessene Sicherheitsma\u00dfnahmen, um die Vertraulichkeit, Integrit\u00e4t und Verf\u00fcgbarkeit Ihrer personenbezogenen Daten zu wahren, um sie gegen unberechtigte oder unrechtm\u00e4\u00dfige Bearbeitungen zu sch\u00fctzen und den Gefahren des Verlusts, einer unbeabsichtigten Ver\u00e4nderung, einer ungewollten Offenlegung oder eines unberechtigten Zugriffs entgegenzuwirken. Sicherheitsrisiken lassen sich allerdings generell nicht ganz ausschlie\u00dfen; Restrisiken sind unvermeidbar.<\/p>\n<p>&nbsp;<\/p>\n<h2><strong>5. Betroffenenrechte<\/strong><\/h2>\n<p>Sie haben unter den Voraussetzungen und im Rahmen der DSGVO bestimmte Rechte, eine Kopie Ihrer personenbezogenen Daten anzufragen bzw. auf unsere Bearbeitung dieser Daten Einfluss zu nehmen:<\/p>\n<ul>\n<li>Auskunft: Sie k\u00f6nnen Auskunft verlangen, ob wir personenbezogene Daten \u00fcber Sie bearbeiten, und falls ja welche, und weitere Angaben \u00fcber unsere Datenbearbeitung.<\/li>\n<li>Berichtigung und Einschr\u00e4nkung: Sie k\u00f6nnen unrichtige personenbezogene Daten berichtigen und unvollst\u00e4ndige Daten vervollst\u00e4ndigen und die Bearbeitung ihrer Daten einschr\u00e4nken lassen.<\/li>\n<li>L\u00f6schung und Widerspruch: Sie k\u00f6nnen personenbezogene Daten l\u00f6schen lassen und der Bearbeitung ihrer Daten mit Wirkung f\u00fcr die Zukunft widersprechen. Sie k\u00f6nnen insbesondere aus Gr\u00fcnden, die sich aus ihrer besonderen Situation ergeben, jederzeit gegen die Bearbeitung von Daten f\u00fcr unser berechtigtes Interesse Widerspruch einlegen.<\/li>\n<li>\u00dcbertragung: Sie k\u00f6nnen die personenbezogenen Daten, die Sie uns bereitgestellt haben, in einem strukturierten, g\u00e4ngigen und maschinenlesbaren Format erhalten, soweit die entsprechende Datenbearbeitung auf Ihrer Einwilligung beruht oder zur Vertragserf\u00fcllung erforderlich ist.<\/li>\n<li>Widerruf: Soweit wir Daten auf Basis Ihrer Einwilligung bearbeiten, k\u00f6nnen Sie die Einwilligung jederzeit widerrufen. Der Widerruf gilt nur f\u00fcr die Zukunft, und wir behalten uns vor, Daten im Fall eines Widerrufs gest\u00fctzt auf eine andere Grundlage weiterhin zu bearbeiten.<\/li>\n<\/ul>\n<p>Wenn Sie ein solches Recht in Anspruch nehmen wollen, wenden Sie sich gerne an uns (Ziffer 1). In der Regel m\u00fcssen wir dabei Ihre Identit\u00e4t pr\u00fcfen.<\/p>\n<p>Es steht Ihnen zudem auch frei, bei der zust\u00e4ndigen Aufsichtsbeh\u00f6rde, in \u00d6sterreich die Datenschutzbeh\u00f6rde, eine Beschwerde gegen unsere Bearbeitung Ihrer Daten einzureichen.<\/p>\n","protected":false},"excerpt":{"rendered":"<p>&nbsp; Stand: April 2024 Der Zweck dieser Datenschutzerkl\u00e4rung besteht darin, Sie \u00fcber die Verarbeitung Ihrer  &#8230; <a class=\"moretag\" href=\"https:\/\/recordati.ch\/de\/at-datenschutz\/\"><span class=\"icon-arrow-read_more\"><\/span><\/a><\/p>\n","protected":false},"author":1,"featured_media":5436,"parent":0,"menu_order":1,"comment_status":"closed","ping_status":"closed","template":"","meta":{"_acf_changed":false,"footnotes":""},"class_list":["post-10241","page","type-page","status-publish","has-post-thumbnail","hentry"],"acf":[],"yoast_head":"<!-- This site is optimized with the Yoast SEO plugin v27.4 - https:\/\/yoast.com\/product\/yoast-seo-wordpress\/ -->\n<title>AT-Datenschutz - Recordati<\/title>\n<meta name=\"robots\" content=\"noindex, follow\" \/>\n<meta property=\"og:locale\" content=\"de_DE\" \/>\n<meta property=\"og:type\" content=\"article\" \/>\n<meta property=\"og:title\" content=\"AT-Datenschutz - Recordati\" \/>\n<meta property=\"og:description\" content=\"&nbsp; Stand: April 2024 Der Zweck dieser Datenschutzerkl\u00e4rung besteht darin, Sie \u00fcber die Verarbeitung Ihrer ...\" \/>\n<meta property=\"og:url\" content=\"https:\/\/recordati.ch\/de\/at-datenschutz\/\" \/>\n<meta property=\"og:site_name\" content=\"Recordati\" \/>\n<meta property=\"article:modified_time\" content=\"2024-05-22T15:31:03+00:00\" \/>\n<meta property=\"og:image\" content=\"https:\/\/recordati.ch\/wp-content\/uploads\/2019\/04\/20181220_162108-4.jpg\" \/>\n\t<meta property=\"og:image:width\" content=\"1719\" \/>\n\t<meta property=\"og:image:height\" content=\"392\" \/>\n\t<meta property=\"og:image:type\" content=\"image\/jpeg\" \/>\n<meta name=\"twitter:card\" content=\"summary_large_image\" \/>\n<meta name=\"twitter:label1\" content=\"Gesch\u00e4tzte Lesezeit\" \/>\n\t<meta name=\"twitter:data1\" content=\"19\u00a0Minuten\" \/>\n<script type=\"application\/ld+json\" class=\"yoast-schema-graph\">{\"@context\":\"https:\\\/\\\/schema.org\",\"@graph\":[{\"@type\":\"WebPage\",\"@id\":\"https:\\\/\\\/recordati.ch\\\/de\\\/at-datenschutz\\\/\",\"url\":\"https:\\\/\\\/recordati.ch\\\/de\\\/at-datenschutz\\\/\",\"name\":\"AT-Datenschutz - Recordati\",\"isPartOf\":{\"@id\":\"https:\\\/\\\/recordati.ch\\\/de\\\/#website\"},\"primaryImageOfPage\":{\"@id\":\"https:\\\/\\\/recordati.ch\\\/de\\\/at-datenschutz\\\/#primaryimage\"},\"image\":{\"@id\":\"https:\\\/\\\/recordati.ch\\\/de\\\/at-datenschutz\\\/#primaryimage\"},\"thumbnailUrl\":\"https:\\\/\\\/recordati.ch\\\/wp-content\\\/uploads\\\/2019\\\/04\\\/20181220_162108-4.jpg\",\"datePublished\":\"2024-05-22T15:26:12+00:00\",\"dateModified\":\"2024-05-22T15:31:03+00:00\",\"breadcrumb\":{\"@id\":\"https:\\\/\\\/recordati.ch\\\/de\\\/at-datenschutz\\\/#breadcrumb\"},\"inLanguage\":\"de\",\"potentialAction\":[{\"@type\":\"ReadAction\",\"target\":[\"https:\\\/\\\/recordati.ch\\\/de\\\/at-datenschutz\\\/\"]}]},{\"@type\":\"ImageObject\",\"inLanguage\":\"de\",\"@id\":\"https:\\\/\\\/recordati.ch\\\/de\\\/at-datenschutz\\\/#primaryimage\",\"url\":\"https:\\\/\\\/recordati.ch\\\/wp-content\\\/uploads\\\/2019\\\/04\\\/20181220_162108-4.jpg\",\"contentUrl\":\"https:\\\/\\\/recordati.ch\\\/wp-content\\\/uploads\\\/2019\\\/04\\\/20181220_162108-4.jpg\",\"width\":1719,\"height\":392},{\"@type\":\"BreadcrumbList\",\"@id\":\"https:\\\/\\\/recordati.ch\\\/de\\\/at-datenschutz\\\/#breadcrumb\",\"itemListElement\":[{\"@type\":\"ListItem\",\"position\":1,\"name\":\"Startseite\",\"item\":\"https:\\\/\\\/recordati.ch\\\/de\\\/\"},{\"@type\":\"ListItem\",\"position\":2,\"name\":\"AT-Datenschutz\"}]},{\"@type\":\"WebSite\",\"@id\":\"https:\\\/\\\/recordati.ch\\\/de\\\/#website\",\"url\":\"https:\\\/\\\/recordati.ch\\\/de\\\/\",\"name\":\"Recordati\",\"description\":\"\",\"publisher\":{\"@id\":\"https:\\\/\\\/recordati.ch\\\/de\\\/#organization\"},\"potentialAction\":[{\"@type\":\"SearchAction\",\"target\":{\"@type\":\"EntryPoint\",\"urlTemplate\":\"https:\\\/\\\/recordati.ch\\\/de\\\/?s={search_term_string}\"},\"query-input\":{\"@type\":\"PropertyValueSpecification\",\"valueRequired\":true,\"valueName\":\"search_term_string\"}}],\"inLanguage\":\"de\"},{\"@type\":\"Organization\",\"@id\":\"https:\\\/\\\/recordati.ch\\\/de\\\/#organization\",\"name\":\"Recordati AG\",\"url\":\"https:\\\/\\\/recordati.ch\\\/de\\\/\",\"logo\":{\"@type\":\"ImageObject\",\"inLanguage\":\"de\",\"@id\":\"https:\\\/\\\/recordati.ch\\\/de\\\/#\\\/schema\\\/logo\\\/image\\\/\",\"url\":\"https:\\\/\\\/recordati.ch\\\/wp-content\\\/uploads\\\/2018\\\/07\\\/favicon.png\",\"contentUrl\":\"https:\\\/\\\/recordati.ch\\\/wp-content\\\/uploads\\\/2018\\\/07\\\/favicon.png\",\"width\":512,\"height\":512,\"caption\":\"Recordati AG\"},\"image\":{\"@id\":\"https:\\\/\\\/recordati.ch\\\/de\\\/#\\\/schema\\\/logo\\\/image\\\/\"}}]}<\/script>\n<!-- \/ Yoast SEO plugin. -->","yoast_head_json":{"title":"AT-Datenschutz - Recordati","robots":{"index":"noindex","follow":"follow"},"og_locale":"de_DE","og_type":"article","og_title":"AT-Datenschutz - Recordati","og_description":"&nbsp; Stand: April 2024 Der Zweck dieser Datenschutzerkl\u00e4rung besteht darin, Sie \u00fcber die Verarbeitung Ihrer ...","og_url":"https:\/\/recordati.ch\/de\/at-datenschutz\/","og_site_name":"Recordati","article_modified_time":"2024-05-22T15:31:03+00:00","og_image":[{"width":1719,"height":392,"url":"https:\/\/recordati.ch\/wp-content\/uploads\/2019\/04\/20181220_162108-4.jpg","type":"image\/jpeg"}],"twitter_card":"summary_large_image","twitter_misc":{"Gesch\u00e4tzte Lesezeit":"19\u00a0Minuten"},"schema":{"@context":"https:\/\/schema.org","@graph":[{"@type":"WebPage","@id":"https:\/\/recordati.ch\/de\/at-datenschutz\/","url":"https:\/\/recordati.ch\/de\/at-datenschutz\/","name":"AT-Datenschutz - Recordati","isPartOf":{"@id":"https:\/\/recordati.ch\/de\/#website"},"primaryImageOfPage":{"@id":"https:\/\/recordati.ch\/de\/at-datenschutz\/#primaryimage"},"image":{"@id":"https:\/\/recordati.ch\/de\/at-datenschutz\/#primaryimage"},"thumbnailUrl":"https:\/\/recordati.ch\/wp-content\/uploads\/2019\/04\/20181220_162108-4.jpg","datePublished":"2024-05-22T15:26:12+00:00","dateModified":"2024-05-22T15:31:03+00:00","breadcrumb":{"@id":"https:\/\/recordati.ch\/de\/at-datenschutz\/#breadcrumb"},"inLanguage":"de","potentialAction":[{"@type":"ReadAction","target":["https:\/\/recordati.ch\/de\/at-datenschutz\/"]}]},{"@type":"ImageObject","inLanguage":"de","@id":"https:\/\/recordati.ch\/de\/at-datenschutz\/#primaryimage","url":"https:\/\/recordati.ch\/wp-content\/uploads\/2019\/04\/20181220_162108-4.jpg","contentUrl":"https:\/\/recordati.ch\/wp-content\/uploads\/2019\/04\/20181220_162108-4.jpg","width":1719,"height":392},{"@type":"BreadcrumbList","@id":"https:\/\/recordati.ch\/de\/at-datenschutz\/#breadcrumb","itemListElement":[{"@type":"ListItem","position":1,"name":"Startseite","item":"https:\/\/recordati.ch\/de\/"},{"@type":"ListItem","position":2,"name":"AT-Datenschutz"}]},{"@type":"WebSite","@id":"https:\/\/recordati.ch\/de\/#website","url":"https:\/\/recordati.ch\/de\/","name":"Recordati","description":"","publisher":{"@id":"https:\/\/recordati.ch\/de\/#organization"},"potentialAction":[{"@type":"SearchAction","target":{"@type":"EntryPoint","urlTemplate":"https:\/\/recordati.ch\/de\/?s={search_term_string}"},"query-input":{"@type":"PropertyValueSpecification","valueRequired":true,"valueName":"search_term_string"}}],"inLanguage":"de"},{"@type":"Organization","@id":"https:\/\/recordati.ch\/de\/#organization","name":"Recordati AG","url":"https:\/\/recordati.ch\/de\/","logo":{"@type":"ImageObject","inLanguage":"de","@id":"https:\/\/recordati.ch\/de\/#\/schema\/logo\/image\/","url":"https:\/\/recordati.ch\/wp-content\/uploads\/2018\/07\/favicon.png","contentUrl":"https:\/\/recordati.ch\/wp-content\/uploads\/2018\/07\/favicon.png","width":512,"height":512,"caption":"Recordati AG"},"image":{"@id":"https:\/\/recordati.ch\/de\/#\/schema\/logo\/image\/"}}]}},"_links":{"self":[{"href":"https:\/\/recordati.ch\/de\/wp-json\/wp\/v2\/pages\/10241","targetHints":{"allow":["GET"]}}],"collection":[{"href":"https:\/\/recordati.ch\/de\/wp-json\/wp\/v2\/pages"}],"about":[{"href":"https:\/\/recordati.ch\/de\/wp-json\/wp\/v2\/types\/page"}],"author":[{"embeddable":true,"href":"https:\/\/recordati.ch\/de\/wp-json\/wp\/v2\/users\/1"}],"replies":[{"embeddable":true,"href":"https:\/\/recordati.ch\/de\/wp-json\/wp\/v2\/comments?post=10241"}],"version-history":[{"count":8,"href":"https:\/\/recordati.ch\/de\/wp-json\/wp\/v2\/pages\/10241\/revisions"}],"predecessor-version":[{"id":10249,"href":"https:\/\/recordati.ch\/de\/wp-json\/wp\/v2\/pages\/10241\/revisions\/10249"}],"wp:featuredmedia":[{"embeddable":true,"href":"https:\/\/recordati.ch\/de\/wp-json\/wp\/v2\/media\/5436"}],"wp:attachment":[{"href":"https:\/\/recordati.ch\/de\/wp-json\/wp\/v2\/media?parent=10241"}],"curies":[{"name":"wp","href":"https:\/\/api.w.org\/{rel}","templated":true}]}}